{"id":49,"date":"2022-07-20T00:31:27","date_gmt":"2022-07-20T00:31:27","guid":{"rendered":"http:\/\/monicacalderon.com\/?page_id=49"},"modified":"2022-07-21T02:38:11","modified_gmt":"2022-07-21T02:38:11","slug":"mi-historia","status":"publish","type":"page","link":"https:\/\/monicacalderon.com\/index.php\/mi-historia\/","title":{"rendered":"Mi Historia"},"content":{"rendered":"\t\t<div data-elementor-type=\"wp-page\" data-elementor-id=\"49\" class=\"elementor elementor-49\" data-elementor-post-type=\"page\">\n\t\t\t\t\t\t<section class=\"elementor-section elementor-top-section elementor-element elementor-element-863b707 elementor-section-boxed elementor-section-height-default elementor-section-height-default\" data-id=\"863b707\" data-element_type=\"section\" data-e-type=\"section\">\n\t\t\t\t\t\t<div class=\"elementor-container elementor-column-gap-default\">\n\t\t\t\t\t<div class=\"elementor-column elementor-col-100 elementor-top-column elementor-element elementor-element-15d86e5\" data-id=\"15d86e5\" data-element_type=\"column\" data-e-type=\"column\">\n\t\t\t<div class=\"elementor-widget-wrap elementor-element-populated\">\n\t\t\t\t\t\t<div class=\"elementor-element elementor-element-47d0833 elementor-widget elementor-widget-heading\" data-id=\"47d0833\" data-element_type=\"widget\" data-e-type=\"widget\" data-widget_type=\"heading.default\">\n\t\t\t\t<div class=\"elementor-widget-container\">\n\t\t\t\t\t<h2 class=\"elementor-heading-title elementor-size-default\">\u00a1Gusto en Conocernos!\n <\/h2>\t\t\t\t<\/div>\n\t\t\t\t<\/div>\n\t\t\t\t<div class=\"elementor-element elementor-element-85dc03f elementor-widget elementor-widget-text-editor\" data-id=\"85dc03f\" data-element_type=\"widget\" data-e-type=\"widget\" data-widget_type=\"text-editor.default\">\n\t\t\t\t<div class=\"elementor-widget-container\">\n\t\t\t\t\t\t\t\t\t<p class=\"Normal ospfxw6a53c23573812aeba8f114bce68cc33fossfx\">Aunque en la actualidad \u00a0vivo junto a mi esposo y mis tres hijos en la ciudad de San Diego Ca, soy mexicana\u00a0nacida el 7 de Febrero de 1959 en la ciudad de Mexicali, B.C. y nacionalizada como ciudadana de los Estados\u00a0Unidos de Norteam\u00e9rica a partir del 21 de Febrero del 2006.\u00a0A lo largo del tiempo, he descubierto que una de las virtudes que tengo es poder ense\u00f1ar temas referentes\u00a0al mundo de la Mujer Contempor\u00e1nea cimentados en su crecimiento espiritual y la sanidad de sus\u00a0emociones. \u00a0Desde el a\u00f1o 1999 que inici\u00e9 mi carrera dentro de \u00e9ste g\u00e9nero, he sido invitada para exponer\u00a0en diferentes plataformas tales como seminarios, radio, televisi\u00f3n, congresos e iglesias entre otros. Creo\u00a0que mi habilidad como maestra y expositora de la Palabra de Dios, me ha abierto puertas ante un p\u00fablico\u00a0que abarca desde ni\u00f1os peque\u00f1os, hasta bisabuelos. \u00a0<\/p><p class=\"Normal ospfxw2c17c33841749cfe173b614357f64138ossfx\">Tambi\u00e9n he visto con satisfacci\u00f3n, que las ense\u00f1anzas que imparto, son una fuente de inspiraci\u00f3n para\u00a0descubrir y desarrollar el potencial con el que Dios ha creado al ser humano, a fin de salir triunfantes sobre\u00a0las circunstancias adversas de la vida y poder lograr los objetivos tan anhelados.\u00a0<\/p><p class=\"Normal ospfxw78684283876a3dd8c811ae5143d866c5ossfx\">En Junio de 1980, en M\u00e9xico, me gradu\u00e9 como Maestra, adquiriendo as\u00ed mi Licenciatura en Educaci\u00f3n Pre-Escolar. Y varios Diplomados, Seminarios y Talleres, fueron incrementando a trav\u00e9s de los a\u00f1os, no s\u00f3lo mi\u00a0experiencia y conocimiento sobre docencia sino tambi\u00e9n mi pasi\u00f3n por la educaci\u00f3n, en especial la que est\u00e1\u00a0fundada en los principios b\u00edblicos. \u00a0En Junio de 1999, me gradu\u00e9 como Licenciada en Estudios\u00a0<\/p><p class=\"Normal ospfxwf600d64bd9e70636ab2736772038370cossfx\">Interdisciplinarios en los Estados Unidos.<\/p><p class=\"Normal ospfxw98df53345468533c2692319db2949f8aossfx\">En Enero del 2013, fund\u00e9 junto con otras Amigas, el Ministerio \u201cCentro de Oraci\u00f3n y Crecimiento Integral\u00a0para la Mujer\u201d, Conocido por sus siglas como COCIM, y del que actualmente participo como Directora.\u00a0C O C I M \u00a0El Centro de Oraci\u00f3n y Crecimiento Integral para la Mujer (COCIM) es un lugar donde las mujeres de todas\u00a0las edades nos reunimos para orar juntas, edificarnos, disfrutar unas de las otras, convivir y conocer nuevas\u00a0amigas. En COCIM creemos en el Dios de los imposibles, en el poder de la gracia de Jesucristo y en\u00a0desarrollar una intimidad con el Esp\u00edritu Santo. Y es a trav\u00e9s de talleres, estudios b\u00edblicos, seminarios y\u00a0retiros entre otros, que nos equipamos en Su Palabra, para desarrollar en \u00c9l nuestro potencial. El gran\u00a0desaf\u00edo es inspirar a \u00a0las generaciones a vivir en plenitud sobre las promesas de Dios. En COCIM creemos y\u00a0enfatizamos la importancia de poner en acci\u00f3n nuestra fe a trav\u00e9s de la oraci\u00f3n, y el conocimiento de las\u00a0Escrituras para ser en Cristo, m\u00e1s que vencedoras sobre las circunstancias.\u00a0<\/p>\t\t\t\t\t\t\t\t<\/div>\n\t\t\t\t<\/div>\n\t\t\t\t<div class=\"elementor-element elementor-element-226e439 elementor-widget elementor-widget-heading\" data-id=\"226e439\" data-element_type=\"widget\" data-e-type=\"widget\" data-widget_type=\"heading.default\">\n\t\t\t\t<div class=\"elementor-widget-container\">\n\t\t\t\t\t<h2 class=\"elementor-heading-title elementor-size-default\">MI TESTIMONIO<\/h2>\t\t\t\t<\/div>\n\t\t\t\t<\/div>\n\t\t\t\t<div class=\"elementor-element elementor-element-7f1876e elementor-widget elementor-widget-text-editor\" data-id=\"7f1876e\" data-element_type=\"widget\" data-e-type=\"widget\" data-widget_type=\"text-editor.default\">\n\t\t\t\t<div class=\"elementor-widget-container\">\n\t\t\t\t\t\t\t\t\t<p>Mis padres Jorge y Mar\u00eda Elena de Valenzuela fueron apasionados creyentes cristianos que apoyaron la obra\u00a0de fundar Iglesias junto con otros hombres y mujeres de Dios, por lo que todos los miembros de nuestra\u00a0familia fuimos expuestos a una vida cuyo eje fue la Palabra de Dios. A los 14 a\u00f1os acept\u00e9 por primera vez a\u00a0Cristo y le entregu\u00e9 mi coraz\u00f3n. Lamentablemente me falt\u00f3 direcci\u00f3n y termin\u00e9 apart\u00e1ndome de \u00c9l. A los 26 \u00a0le volv\u00ed a pedir a Jes\u00fas que venga a vivir a mi coraz\u00f3n. \u00a0Sin embargo, un a\u00f1o m\u00e1s tarde y con un hermoso hijo\u00a0de 3 a\u00f1os, me enfrent\u00e9 a un muy doloroso divorcio de quien fue mi marido por 6 a\u00f1os. La confusi\u00f3n y el\u00a0abuso me dejaron con una autoestima destruida que lejos de acercarme a Dios, dirig\u00ed mis pasos fuera de sus\u00a0ense\u00f1anzas. Sin embargo, el resentimiento, \u00a0la amargura, \u00a0y la falta de sabidur\u00eda me llevaron a una vida de\u00a0mayor sufrimiento. Catorce a\u00f1os m\u00e1s tarde, en 1999, con el coraz\u00f3n hecho pedazos, vuelvo a los brazos del\u00a0Padre para no separarme de ellos nunca m\u00e1s. \u00a0Jes\u00fas restaur\u00f3 mi vida por completo y la de mi hijo tambi\u00e9n.\u00a0Desde entonces me he dedicado a llevar la Palabra de Dios y de Esperanza a toda persona (en especial\u00a0Mujeres) con el alma sedienta de conocer el poder de Dios para que sus vidas, al igual que la m\u00eda, sean\u00a0restauradas por \u00c9l.\u00a0<\/p>\t\t\t\t\t\t\t\t<\/div>\n\t\t\t\t<\/div>\n\t\t\t\t<div class=\"elementor-element elementor-element-23a6eac elementor-widget elementor-widget-heading\" data-id=\"23a6eac\" data-element_type=\"widget\" data-e-type=\"widget\" data-widget_type=\"heading.default\">\n\t\t\t\t<div class=\"elementor-widget-container\">\n\t\t\t\t\t<h2 class=\"elementor-heading-title elementor-size-default\">MI FAMILIA<\/h2>\t\t\t\t<\/div>\n\t\t\t\t<\/div>\n\t\t\t\t<div class=\"elementor-element elementor-element-4a3c369 elementor-widget elementor-widget-text-editor\" data-id=\"4a3c369\" data-element_type=\"widget\" data-e-type=\"widget\" data-widget_type=\"text-editor.default\">\n\t\t\t\t<div class=\"elementor-widget-container\">\n\t\t\t\t\t\t\t\t\t<p>En el a\u00f1o 2001, \u00a0me re-encontr\u00e9 con un amigo de mi infancia quien hab\u00eda entregado su coraz\u00f3n a Cristo unos\u00a0a\u00f1os antes. Roberto Calder\u00f3n y yo, enamorados, decidimos unir \u00a0nuestras vidas y familias con la bendici\u00f3n\u00a0de Dios. Y desde entonces, junto a nuestros hijos, Carlos Emmanuel, de entonces 17 a\u00f1os, fruto de mi\u00a0primer matrimonio, y Jonathan y Joey de 9 y 7 a\u00f1os respectivamente, nacidos dentro del primer\u00a0matrimonio de Roberto, hemos integrado una familia unida por los desaf\u00edos y aventuras propias en la\u00a0formaci\u00f3n de un hogar mixto. \u00a0Me alegra poder decir que mis sue\u00f1os de encontrar al \u201cAmor de mi Vida\u201d y\u00a0formar un hermoso hogar, han sido hechos realidad y eso me hace muy feliz. \u00a1Gracias Dios por tu Fidelidad!<\/p>\t\t\t\t\t\t\t\t<\/div>\n\t\t\t\t<\/div>\n\t\t\t\t<div class=\"elementor-element elementor-element-15fcdc9 elementor-widget elementor-widget-heading\" data-id=\"15fcdc9\" data-element_type=\"widget\" data-e-type=\"widget\" data-widget_type=\"heading.default\">\n\t\t\t\t<div class=\"elementor-widget-container\">\n\t\t\t\t\t<h2 class=\"elementor-heading-title elementor-size-default\">MAESTRA <\/h2>\t\t\t\t<\/div>\n\t\t\t\t<\/div>\n\t\t\t\t<div class=\"elementor-element elementor-element-4a4c50a elementor-widget elementor-widget-text-editor\" data-id=\"4a4c50a\" data-element_type=\"widget\" data-e-type=\"widget\" data-widget_type=\"text-editor.default\">\n\t\t\t\t<div class=\"elementor-widget-container\">\n\t\t\t\t\t\t\t\t\t<p>Ser maestra es mi profesi\u00f3n, pero ense\u00f1ar es mi pasi\u00f3n. Todas mis ense\u00f1anzas tienen como fundamento la\u00a0Palabra de Dios y brindan argumentos s\u00f3lidos para sustentar la fe y la sana doctrina. \u00a0Cuando trabajo con MUJERES, me gusta centrarme en el desarrollo de su autoestima y su valoraci\u00f3n\u00a0personal, as\u00ed como en su bienestar espiritual, emocional y f\u00edsico.\u00a0Al trabajar con PADRES Y MAESTROS DE ESCUELA DOMINICAL, o impartir ESTUDIOS o DISCIPULADOS\u00a0B\u00cdBLICOS, trato de Inspirarlos, Fortalecerlos, Equiparlos y Brindarles T\u00e9cnicas de ense\u00f1anza-aprendizaje que\u00a0les sean \u00fatiles y les ayuden a ser efectivos en entender y poder atender tanto a sus hijos como a los alumnos\u00a0en su ministerio. Y, cuando estoy frente a grupos de NI\u00d1OS, utilizo din\u00e1micas apropiadas para ellos de\u00a0acuerdo a sus edades, en las que incluyo narraciones de cuentos e historias b\u00edblicas, juegos y cantos, los\u00a0cuales muchas veces acompa\u00f1o con mi guitarra.\u00a0<\/p>\t\t\t\t\t\t\t\t<\/div>\n\t\t\t\t<\/div>\n\t\t\t\t<div class=\"elementor-element elementor-element-118537f elementor-widget elementor-widget-heading\" data-id=\"118537f\" data-element_type=\"widget\" data-e-type=\"widget\" data-widget_type=\"heading.default\">\n\t\t\t\t<div class=\"elementor-widget-container\">\n\t\t\t\t\t<h2 class=\"elementor-heading-title elementor-size-default\">EXPERIENCIA <\/h2>\t\t\t\t<\/div>\n\t\t\t\t<\/div>\n\t\t\t\t<div class=\"elementor-element elementor-element-890e19e elementor-widget elementor-widget-text-editor\" data-id=\"890e19e\" data-element_type=\"widget\" data-e-type=\"widget\" data-widget_type=\"text-editor.default\">\n\t\t\t\t<div class=\"elementor-widget-container\">\n\t\t\t\t\t\t\t\t\t<p>He sido muy bendecida porque desde muy peque\u00f1a comenc\u00e9 a participar como evangelista, luego me\u00a0prepar\u00e9 como maestra y posteriormente como conferencista. Estas experiencias enriquecieron mi visi\u00f3n y\u00a0me abrieron las puertas para predicar en diferentes iglesias, llev\u00e1ndome incluso, a plataformas como radio y\u00a0televisi\u00f3n.\u00a0<\/p>\t\t\t\t\t\t\t\t<\/div>\n\t\t\t\t<\/div>\n\t\t\t\t\t<\/div>\n\t\t<\/div>\n\t\t\t\t\t<\/div>\n\t\t<\/section>\n\t\t\t\t<\/div>\n\t\t","protected":false},"excerpt":{"rendered":"<p>\u00a1Gusto en Conocernos! Aunque en la actualidad \u00a0vivo junto a mi esposo y mis tres hijos en la ciudad de San Diego Ca, soy mexicana\u00a0nacida el 7 de Febrero de 1959 en la ciudad de Mexicali, B.C. y nacionalizada como ciudadana de los Estados\u00a0Unidos de Norteam\u00e9rica a partir del 21 de Febrero del 2006.\u00a0A lo [&hellip;]<\/p>\n","protected":false},"author":2,"featured_media":0,"parent":0,"menu_order":0,"comment_status":"closed","ping_status":"closed","template":"elementor_canvas","meta":{"footnotes":""},"class_list":["post-49","page","type-page","status-publish","hentry"],"_links":{"self":[{"href":"https:\/\/monicacalderon.com\/index.php\/wp-json\/wp\/v2\/pages\/49","targetHints":{"allow":["GET"]}}],"collection":[{"href":"https:\/\/monicacalderon.com\/index.php\/wp-json\/wp\/v2\/pages"}],"about":[{"href":"https:\/\/monicacalderon.com\/index.php\/wp-json\/wp\/v2\/types\/page"}],"author":[{"embeddable":true,"href":"https:\/\/monicacalderon.com\/index.php\/wp-json\/wp\/v2\/users\/2"}],"replies":[{"embeddable":true,"href":"https:\/\/monicacalderon.com\/index.php\/wp-json\/wp\/v2\/comments?post=49"}],"version-history":[{"count":8,"href":"https:\/\/monicacalderon.com\/index.php\/wp-json\/wp\/v2\/pages\/49\/revisions"}],"predecessor-version":[{"id":138,"href":"https:\/\/monicacalderon.com\/index.php\/wp-json\/wp\/v2\/pages\/49\/revisions\/138"}],"wp:attachment":[{"href":"https:\/\/monicacalderon.com\/index.php\/wp-json\/wp\/v2\/media?parent=49"}],"curies":[{"name":"wp","href":"https:\/\/api.w.org\/{rel}","templated":true}]}}